{"id":890,"date":"2019-08-21T21:34:30","date_gmt":"2019-08-21T19:34:30","guid":{"rendered":"https:\/\/www.human-rights-year.com\/avtory\/"},"modified":"2019-11-12T14:35:11","modified_gmt":"2019-11-12T13:35:11","slug":"autoren","status":"publish","type":"page","link":"https:\/\/www.human-rights-year.com\/de\/autoren\/","title":{"rendered":"Autoren"},"content":{"rendered":"<div id=\"pl-890\"  class=\"panel-layout\" ><div id=\"pg-890-0\"  class=\"panel-grid panel-no-style\" ><div id=\"pgc-890-0-0\"  class=\"panel-grid-cell\" ><div id=\"panel-890-0-0-0\" class=\"so-panel widget widget_simple_author_box_widget_lite simple_author_box_widget_lite panel-first-child panel-last-child\" data-index=\"0\" ><div class=\"saboxplugin-wrap\" itemtype=\"http:\/\/schema.org\/Person\" itemscope itemprop=\"author\"><div class=\"saboxplugin-tab\"><div class=\"saboxplugin-gravatar\"><img src=\"https:\/\/www.human-rights-year.com\/wp-content\/uploads\/2019\/09\/b.lochbihler.jpg\" width=\"100\"  height=\"100\" alt=\"\" itemprop=\"image\"><\/div><div class=\"saboxplugin-authorname\"><a href=\"https:\/\/www.human-rights-year.com\/de\/author\/b-lochbihler\/\" class=\"vcard author\" rel=\"author\" itemprop=\"url\"><span class=\"fn\" itemprop=\"name\">Barbara Lochbihler<\/span><\/a><\/div><div class=\"saboxplugin-desc\"><div itemprop=\"description\"><p>Ausschuss zur UN-Konvention gegen Verschwindenlassen<\/p>\n<\/div><\/div><div class=\"clearfix\"><\/div><div class=\"saboxplugin-socials sabox-colored\"><a target=\"_blank\" href=\"https:\/\/www.facebook.com\/barbara.lochbihler\/\" aria-label=\"Facebook\" rel=\"nofollow noopener\" class=\"saboxplugin-icon-color\"><svg version=\"1.1\" class=\"sab-facebook\" viewBox=\"0 0 500 500.7\" xml:space=\"preserve\" xmlns=\"http:\/\/www.w3.org\/2000\/svg\"><rect class=\"st0\" x=\"-.3\" y=\".3\" width=\"500\" height=\"500\" fill=\"#3b5998\"\/><polygon class=\"st1\" points=\"499.7 292.6 499.7 500.3 331.4 500.3 219.8 388.7 221.6 385.3 223.7 308.6 178.3 264.9 219.7 233.9 249.7 138.6 321.1 113.9\"\/><path class=\"st2\" d=\"M219.8,388.7V264.9h-41.5v-49.2h41.5V177c0-42.1,25.7-65,63.3-65c18,0,33.5,1.4,38,1.9v44H295  c-20.4,0-24.4,9.7-24.4,24v33.9h46.1l-6.3,49.2h-39.8v123.8\"\/><\/svg><\/span><\/a><\/div><\/div><\/div><\/div><\/div><div id=\"pgc-890-0-1\"  class=\"panel-grid-cell\" ><div id=\"panel-890-0-1-0\" class=\"so-panel widget widget_simple_author_box_widget_lite simple_author_box_widget_lite panel-first-child panel-last-child\" data-index=\"1\" ><div class=\"saboxplugin-wrap\" itemtype=\"http:\/\/schema.org\/Person\" itemscope itemprop=\"author\"><div class=\"saboxplugin-tab\"><div class=\"saboxplugin-gravatar\"><img src=\"https:\/\/www.human-rights-year.com\/wp-content\/uploads\/2019\/09\/r.wendling.jpg\" width=\"100\"  height=\"100\" alt=\"\" itemprop=\"image\"><\/div><div class=\"saboxplugin-authorname\"><a href=\"https:\/\/www.human-rights-year.com\/de\/author\/r-wendling\/\" class=\"vcard author\" rel=\"author\" itemprop=\"url\"><span class=\"fn\" itemprop=\"name\">Ronald Wendling<\/span><\/a><\/div><div class=\"saboxplugin-desc\"><div itemprop=\"description\"><p>Politischer Gefangener in der DDR, B\u00fcrgerrechtler<\/p>\n<\/div><\/div><div class=\"clearfix\"><\/div><div class=\"saboxplugin-socials sabox-colored\"><a target=\"_blank\" href=\"https:\/\/www.facebook.com\/ronald.wendling.56\" aria-label=\"Facebook\" rel=\"nofollow noopener\" class=\"saboxplugin-icon-color\"><svg version=\"1.1\" class=\"sab-facebook\" viewBox=\"0 0 500 500.7\" xml:space=\"preserve\" xmlns=\"http:\/\/www.w3.org\/2000\/svg\"><rect class=\"st0\" x=\"-.3\" y=\".3\" width=\"500\" height=\"500\" fill=\"#3b5998\"\/><polygon class=\"st1\" points=\"499.7 292.6 499.7 500.3 331.4 500.3 219.8 388.7 221.6 385.3 223.7 308.6 178.3 264.9 219.7 233.9 249.7 138.6 321.1 113.9\"\/><path class=\"st2\" d=\"M219.8,388.7V264.9h-41.5v-49.2h41.5V177c0-42.1,25.7-65,63.3-65c18,0,33.5,1.4,38,1.9v44H295  c-20.4,0-24.4,9.7-24.4,24v33.9h46.1l-6.3,49.2h-39.8v123.8\"\/><\/svg><\/span><\/a><\/div><\/div><\/div><\/div><\/div><\/div><div id=\"pg-890-1\"  class=\"panel-grid panel-no-style\" ><div id=\"pgc-890-1-0\"  class=\"panel-grid-cell\" ><div id=\"panel-890-1-0-0\" class=\"so-panel widget widget_simple_author_box_widget_lite simple_author_box_widget_lite panel-first-child panel-last-child\" data-index=\"2\" ><div class=\"saboxplugin-wrap\" itemtype=\"http:\/\/schema.org\/Person\" itemscope itemprop=\"author\"><div class=\"saboxplugin-tab\"><div class=\"saboxplugin-gravatar\"><img src=\"https:\/\/www.human-rights-year.com\/wp-content\/uploads\/2019\/09\/a.giesen.jpg\" width=\"100\"  height=\"100\" alt=\"\" itemprop=\"image\"><\/div><div class=\"saboxplugin-authorname\"><a href=\"https:\/\/www.human-rights-year.com\/de\/author\/a-giesen\/\" class=\"vcard author\" rel=\"author\" itemprop=\"url\"><span class=\"fn\" itemprop=\"name\">Anke Giesen<\/span><\/a><\/div><div class=\"saboxplugin-desc\"><div itemprop=\"description\"><p>Vorstandsmitglied von MEMORIAL<br \/>\nDeutschland e.V.<\/p>\n<\/div><\/div><div class=\"clearfix\"><\/div><div class=\"saboxplugin-socials sabox-colored\"><a target=\"_blank\" href=\"https:\/\/www.facebook.com\/anke.giesen.9\" aria-label=\"Facebook\" rel=\"nofollow noopener\" class=\"saboxplugin-icon-color\"><svg version=\"1.1\" class=\"sab-facebook\" viewBox=\"0 0 500 500.7\" xml:space=\"preserve\" xmlns=\"http:\/\/www.w3.org\/2000\/svg\"><rect class=\"st0\" x=\"-.3\" y=\".3\" width=\"500\" height=\"500\" fill=\"#3b5998\"\/><polygon class=\"st1\" points=\"499.7 292.6 499.7 500.3 331.4 500.3 219.8 388.7 221.6 385.3 223.7 308.6 178.3 264.9 219.7 233.9 249.7 138.6 321.1 113.9\"\/><path class=\"st2\" d=\"M219.8,388.7V264.9h-41.5v-49.2h41.5V177c0-42.1,25.7-65,63.3-65c18,0,33.5,1.4,38,1.9v44H295  c-20.4,0-24.4,9.7-24.4,24v33.9h46.1l-6.3,49.2h-39.8v123.8\"\/><\/svg><\/span><\/a><\/div><\/div><\/div><\/div><\/div><div id=\"pgc-890-1-1\"  class=\"panel-grid-cell\" ><div id=\"panel-890-1-1-0\" class=\"so-panel widget widget_simple_author_box_widget_lite simple_author_box_widget_lite panel-first-child panel-last-child\" data-index=\"3\" ><div class=\"saboxplugin-wrap\" itemtype=\"http:\/\/schema.org\/Person\" itemscope itemprop=\"author\"><div class=\"saboxplugin-tab\"><div class=\"saboxplugin-gravatar\"><img src=\"https:\/\/www.human-rights-year.com\/wp-content\/uploads\/2019\/09\/b.reitschuster.jpg\" width=\"100\"  height=\"100\" alt=\"\" itemprop=\"image\"><\/div><div class=\"saboxplugin-authorname\"><a href=\"https:\/\/www.human-rights-year.com\/de\/author\/b-reitschuster\/\" class=\"vcard author\" rel=\"author\" itemprop=\"url\"><span class=\"fn\" itemprop=\"name\">Boris Reitschuster<\/span><\/a><\/div><div class=\"saboxplugin-desc\"><div itemprop=\"description\"><p>Russland-Experte und Publizist<\/p>\n<\/div><\/div><div class=\"clearfix\"><\/div><div class=\"saboxplugin-socials sabox-colored\"><a target=\"_blank\" href=\"https:\/\/www.facebook.com\/reitschuster\" aria-label=\"Facebook\" rel=\"nofollow noopener\" class=\"saboxplugin-icon-color\"><svg version=\"1.1\" class=\"sab-facebook\" viewBox=\"0 0 500 500.7\" xml:space=\"preserve\" xmlns=\"http:\/\/www.w3.org\/2000\/svg\"><rect class=\"st0\" x=\"-.3\" y=\".3\" width=\"500\" height=\"500\" fill=\"#3b5998\"\/><polygon class=\"st1\" points=\"499.7 292.6 499.7 500.3 331.4 500.3 219.8 388.7 221.6 385.3 223.7 308.6 178.3 264.9 219.7 233.9 249.7 138.6 321.1 113.9\"\/><path class=\"st2\" d=\"M219.8,388.7V264.9h-41.5v-49.2h41.5V177c0-42.1,25.7-65,63.3-65c18,0,33.5,1.4,38,1.9v44H295  c-20.4,0-24.4,9.7-24.4,24v33.9h46.1l-6.3,49.2h-39.8v123.8\"\/><\/svg><\/span><\/a><\/div><\/div><\/div><\/div><\/div><\/div><div id=\"pg-890-2\"  class=\"panel-grid panel-no-style\" ><div id=\"pgc-890-2-0\"  class=\"panel-grid-cell\" ><div id=\"panel-890-2-0-0\" class=\"so-panel widget widget_simple_author_box_widget_lite simple_author_box_widget_lite panel-first-child panel-last-child\" data-index=\"4\" ><div class=\"saboxplugin-wrap\" itemtype=\"http:\/\/schema.org\/Person\" itemscope itemprop=\"author\"><div class=\"saboxplugin-tab\"><div class=\"saboxplugin-gravatar\"><img src=\"https:\/\/www.human-rights-year.com\/wp-content\/uploads\/2019\/09\/m.meckel.jpg\" width=\"100\"  height=\"100\" alt=\"\" itemprop=\"image\"><\/div><div class=\"saboxplugin-authorname\"><a href=\"https:\/\/www.human-rights-year.com\/de\/author\/m-meckel\/\" class=\"vcard author\" rel=\"author\" itemprop=\"url\"><span class=\"fn\" itemprop=\"name\">Markus Meckel<\/span><\/a><\/div><div class=\"saboxplugin-desc\"><div itemprop=\"description\"><p>DDR-B\u00fcrgerrechtler<\/p>\n<\/div><\/div><div class=\"clearfix\"><\/div><div class=\"saboxplugin-socials sabox-colored\"><a target=\"_blank\" href=\"https:\/\/www.facebook.com\/markus.meckel.75\" aria-label=\"Facebook\" rel=\"nofollow noopener\" class=\"saboxplugin-icon-color\"><svg version=\"1.1\" class=\"sab-facebook\" viewBox=\"0 0 500 500.7\" xml:space=\"preserve\" xmlns=\"http:\/\/www.w3.org\/2000\/svg\"><rect class=\"st0\" x=\"-.3\" y=\".3\" width=\"500\" height=\"500\" fill=\"#3b5998\"\/><polygon class=\"st1\" points=\"499.7 292.6 499.7 500.3 331.4 500.3 219.8 388.7 221.6 385.3 223.7 308.6 178.3 264.9 219.7 233.9 249.7 138.6 321.1 113.9\"\/><path class=\"st2\" d=\"M219.8,388.7V264.9h-41.5v-49.2h41.5V177c0-42.1,25.7-65,63.3-65c18,0,33.5,1.4,38,1.9v44H295  c-20.4,0-24.4,9.7-24.4,24v33.9h46.1l-6.3,49.2h-39.8v123.8\"\/><\/svg><\/span><\/a><\/div><\/div><\/div><\/div><\/div><div id=\"pgc-890-2-1\"  class=\"panel-grid-cell\" ><div id=\"panel-890-2-1-0\" class=\"so-panel widget widget_simple_author_box_widget_lite simple_author_box_widget_lite panel-first-child panel-last-child\" data-index=\"5\" ><div class=\"saboxplugin-wrap\" itemtype=\"http:\/\/schema.org\/Person\" itemscope itemprop=\"author\"><div class=\"saboxplugin-tab\"><div class=\"saboxplugin-gravatar\"><img src=\"https:\/\/www.human-rights-year.com\/wp-content\/uploads\/2019\/09\/s.schiffer.jpg\" width=\"100\"  height=\"100\" alt=\"\" itemprop=\"image\"><\/div><div class=\"saboxplugin-authorname\"><a href=\"https:\/\/www.human-rights-year.com\/de\/author\/s-schiffer\/\" class=\"vcard author\" rel=\"author\" itemprop=\"url\"><span class=\"fn\" itemprop=\"name\">Stefanie Schiffer<\/span><\/a><\/div><div class=\"saboxplugin-desc\"><div itemprop=\"description\"><p>Europ\u00e4ischer Austausch<\/p>\n<\/div><\/div><div class=\"clearfix\"><\/div><div class=\"saboxplugin-socials sabox-colored\"><a target=\"_blank\" href=\"https:\/\/www.facebook.com\/stefanie.schiffer.77\" aria-label=\"Facebook\" rel=\"nofollow noopener\" class=\"saboxplugin-icon-color\"><svg version=\"1.1\" class=\"sab-facebook\" viewBox=\"0 0 500 500.7\" xml:space=\"preserve\" xmlns=\"http:\/\/www.w3.org\/2000\/svg\"><rect class=\"st0\" x=\"-.3\" y=\".3\" width=\"500\" height=\"500\" fill=\"#3b5998\"\/><polygon class=\"st1\" points=\"499.7 292.6 499.7 500.3 331.4 500.3 219.8 388.7 221.6 385.3 223.7 308.6 178.3 264.9 219.7 233.9 249.7 138.6 321.1 113.9\"\/><path class=\"st2\" d=\"M219.8,388.7V264.9h-41.5v-49.2h41.5V177c0-42.1,25.7-65,63.3-65c18,0,33.5,1.4,38,1.9v44H295  c-20.4,0-24.4,9.7-24.4,24v33.9h46.1l-6.3,49.2h-39.8v123.8\"\/><\/svg><\/span><\/a><\/div><\/div><\/div><\/div><\/div><\/div><div id=\"pg-890-3\"  class=\"panel-grid panel-no-style\" ><div id=\"pgc-890-3-0\"  class=\"panel-grid-cell\" ><div id=\"panel-890-3-0-0\" class=\"so-panel widget widget_simple_author_box_widget_lite simple_author_box_widget_lite panel-first-child panel-last-child\" data-index=\"6\" ><div class=\"saboxplugin-wrap\" itemtype=\"http:\/\/schema.org\/Person\" itemscope itemprop=\"author\"><div class=\"saboxplugin-tab\"><div class=\"saboxplugin-gravatar\"><img src=\"https:\/\/www.human-rights-year.com\/wp-content\/uploads\/2019\/09\/m.klimarev.jpg\" width=\"100\"  height=\"100\" alt=\"\" itemprop=\"image\"><\/div><div class=\"saboxplugin-authorname\"><a href=\"https:\/\/www.human-rights-year.com\/de\/author\/m-klimarev\/\" class=\"vcard author\" rel=\"author\" itemprop=\"url\"><span class=\"fn\" itemprop=\"name\">Michael Klimarev<\/span><\/a><\/div><div class=\"saboxplugin-desc\"><div itemprop=\"description\"><p> Gesch\u00e4ftsf\u00fchrer f\u00fcr GSI (Gesellschaft f\u00fcr den Schutz des Internets)<\/p>\n<\/div><\/div><div class=\"clearfix\"><\/div><div class=\"saboxplugin-socials sabox-colored\"><a target=\"_blank\" href=\"https:\/\/www.facebook.com\/michael.klimarev\" aria-label=\"Facebook\" rel=\"nofollow noopener\" class=\"saboxplugin-icon-color\"><svg version=\"1.1\" class=\"sab-facebook\" viewBox=\"0 0 500 500.7\" xml:space=\"preserve\" xmlns=\"http:\/\/www.w3.org\/2000\/svg\"><rect class=\"st0\" x=\"-.3\" y=\".3\" width=\"500\" height=\"500\" fill=\"#3b5998\"\/><polygon class=\"st1\" points=\"499.7 292.6 499.7 500.3 331.4 500.3 219.8 388.7 221.6 385.3 223.7 308.6 178.3 264.9 219.7 233.9 249.7 138.6 321.1 113.9\"\/><path class=\"st2\" d=\"M219.8,388.7V264.9h-41.5v-49.2h41.5V177c0-42.1,25.7-65,63.3-65c18,0,33.5,1.4,38,1.9v44H295  c-20.4,0-24.4,9.7-24.4,24v33.9h46.1l-6.3,49.2h-39.8v123.8\"\/><\/svg><\/span><\/a><\/div><\/div><\/div><\/div><\/div><div id=\"pgc-890-3-1\"  class=\"panel-grid-cell\" ><div id=\"panel-890-3-1-0\" class=\"so-panel widget widget_simple_author_box_widget_lite simple_author_box_widget_lite panel-first-child panel-last-child\" data-index=\"7\" ><div class=\"saboxplugin-wrap\" itemtype=\"http:\/\/schema.org\/Person\" itemscope itemprop=\"author\"><div class=\"saboxplugin-tab\"><div class=\"saboxplugin-gravatar\"><img src=\"https:\/\/www.human-rights-year.com\/wp-content\/uploads\/2019\/09\/a.popkov.jpg\" width=\"100\"  height=\"100\" alt=\"\" itemprop=\"image\"><\/div><div class=\"saboxplugin-authorname\"><a href=\"https:\/\/www.human-rights-year.com\/de\/author\/a-popkov\/\" class=\"vcard author\" rel=\"author\" itemprop=\"url\"><span class=\"fn\" itemprop=\"name\">Alexander Popkov<\/span><\/a><\/div><div class=\"saboxplugin-desc\"><div itemprop=\"description\"><p>Anwalt der internationalen Menschenrechtsgruppe Agora<\/p>\n<\/div><\/div><div class=\"clearfix\"><\/div><div class=\"saboxplugin-socials sabox-colored\"><a target=\"_blank\" href=\"https:\/\/www.facebook.com\/alexander.popkov.7\" aria-label=\"Facebook\" rel=\"nofollow noopener\" class=\"saboxplugin-icon-color\"><svg version=\"1.1\" class=\"sab-facebook\" viewBox=\"0 0 500 500.7\" xml:space=\"preserve\" xmlns=\"http:\/\/www.w3.org\/2000\/svg\"><rect class=\"st0\" x=\"-.3\" y=\".3\" width=\"500\" height=\"500\" fill=\"#3b5998\"\/><polygon class=\"st1\" points=\"499.7 292.6 499.7 500.3 331.4 500.3 219.8 388.7 221.6 385.3 223.7 308.6 178.3 264.9 219.7 233.9 249.7 138.6 321.1 113.9\"\/><path class=\"st2\" d=\"M219.8,388.7V264.9h-41.5v-49.2h41.5V177c0-42.1,25.7-65,63.3-65c18,0,33.5,1.4,38,1.9v44H295  c-20.4,0-24.4,9.7-24.4,24v33.9h46.1l-6.3,49.2h-39.8v123.8\"\/><\/svg><\/span><\/a><\/div><\/div><\/div><\/div><\/div><\/div><div id=\"pg-890-4\"  class=\"panel-grid panel-no-style\" ><div id=\"pgc-890-4-0\"  class=\"panel-grid-cell\" ><div id=\"panel-890-4-0-0\" class=\"so-panel widget widget_simple_author_box_widget_lite simple_author_box_widget_lite panel-first-child panel-last-child\" data-index=\"8\" ><div class=\"saboxplugin-wrap\" itemtype=\"http:\/\/schema.org\/Person\" itemscope itemprop=\"author\"><div class=\"saboxplugin-tab\"><div class=\"saboxplugin-gravatar\"><img src=\"https:\/\/www.human-rights-year.com\/wp-content\/uploads\/2019\/09\/e.efros_.jpg\" width=\"100\"  height=\"100\" alt=\"\" itemprop=\"image\"><\/div><div class=\"saboxplugin-authorname\"><a href=\"https:\/\/www.human-rights-year.com\/de\/author\/e-efros\/\" class=\"vcard author\" rel=\"author\" itemprop=\"url\"><span class=\"fn\" itemprop=\"name\">Elena  Efros<\/span><\/a><\/div><div class=\"saboxplugin-desc\"><div itemprop=\"description\"><p>Menschenrechtlerin<\/p>\n<\/div><\/div><div class=\"clearfix\"><\/div><div class=\"saboxplugin-socials sabox-colored\"><a target=\"_blank\" href=\"https:\/\/www.facebook.com\/kototuj\" aria-label=\"Facebook\" rel=\"nofollow noopener\" class=\"saboxplugin-icon-color\"><svg version=\"1.1\" class=\"sab-facebook\" viewBox=\"0 0 500 500.7\" xml:space=\"preserve\" xmlns=\"http:\/\/www.w3.org\/2000\/svg\"><rect class=\"st0\" x=\"-.3\" y=\".3\" width=\"500\" height=\"500\" fill=\"#3b5998\"\/><polygon class=\"st1\" points=\"499.7 292.6 499.7 500.3 331.4 500.3 219.8 388.7 221.6 385.3 223.7 308.6 178.3 264.9 219.7 233.9 249.7 138.6 321.1 113.9\"\/><path class=\"st2\" d=\"M219.8,388.7V264.9h-41.5v-49.2h41.5V177c0-42.1,25.7-65,63.3-65c18,0,33.5,1.4,38,1.9v44H295  c-20.4,0-24.4,9.7-24.4,24v33.9h46.1l-6.3,49.2h-39.8v123.8\"\/><\/svg><\/span><\/a><\/div><\/div><\/div><\/div><\/div><div id=\"pgc-890-4-1\"  class=\"panel-grid-cell\" ><div id=\"panel-890-4-1-0\" class=\"so-panel widget widget_simple_author_box_widget_lite simple_author_box_widget_lite panel-first-child panel-last-child\" data-index=\"9\" ><div class=\"saboxplugin-wrap\" itemtype=\"http:\/\/schema.org\/Person\" itemscope itemprop=\"author\"><div class=\"saboxplugin-tab\"><div class=\"saboxplugin-gravatar\"><img src=\"https:\/\/www.human-rights-year.com\/wp-content\/uploads\/2019\/09\/y.goncharova.jpg\" width=\"100\"  height=\"100\" alt=\"\" itemprop=\"image\"><\/div><div class=\"saboxplugin-authorname\"><a href=\"https:\/\/www.human-rights-year.com\/de\/author\/y-goncharova\/\" class=\"vcard author\" rel=\"author\" itemprop=\"url\"><span class=\"fn\" itemprop=\"name\">Yana Goncharova<\/span><\/a><\/div><div class=\"saboxplugin-desc\"><div itemprop=\"description\"><p>Postdienst f\u00fcr den Kontakt mit Gefangenen \u00bbRosUznik\u00ab<\/p>\n<\/div><\/div><div class=\"clearfix\"><\/div><div class=\"saboxplugin-socials sabox-colored\"><a target=\"_blank\" href=\"https:\/\/www.facebook.com\/yanagoncharova\" aria-label=\"Facebook\" rel=\"nofollow noopener\" class=\"saboxplugin-icon-color\"><svg version=\"1.1\" class=\"sab-facebook\" viewBox=\"0 0 500 500.7\" xml:space=\"preserve\" xmlns=\"http:\/\/www.w3.org\/2000\/svg\"><rect class=\"st0\" x=\"-.3\" y=\".3\" width=\"500\" height=\"500\" fill=\"#3b5998\"\/><polygon class=\"st1\" points=\"499.7 292.6 499.7 500.3 331.4 500.3 219.8 388.7 221.6 385.3 223.7 308.6 178.3 264.9 219.7 233.9 249.7 138.6 321.1 113.9\"\/><path class=\"st2\" d=\"M219.8,388.7V264.9h-41.5v-49.2h41.5V177c0-42.1,25.7-65,63.3-65c18,0,33.5,1.4,38,1.9v44H295  c-20.4,0-24.4,9.7-24.4,24v33.9h46.1l-6.3,49.2h-39.8v123.8\"\/><\/svg><\/span><\/a><\/div><\/div><\/div><\/div><\/div><\/div><div id=\"pg-890-5\"  class=\"panel-grid panel-no-style\" ><div id=\"pgc-890-5-0\"  class=\"panel-grid-cell\" ><div id=\"panel-890-5-0-0\" class=\"so-panel widget widget_simple_author_box_widget_lite simple_author_box_widget_lite panel-first-child panel-last-child\" data-index=\"10\" ><div class=\"saboxplugin-wrap\" itemtype=\"http:\/\/schema.org\/Person\" itemscope itemprop=\"author\"><div class=\"saboxplugin-tab\"><div class=\"saboxplugin-gravatar\"><img src=\"https:\/\/www.human-rights-year.com\/wp-content\/uploads\/2019\/09\/s.delaunay.jpg\" width=\"100\"  height=\"100\" alt=\"\" itemprop=\"image\"><\/div><div class=\"saboxplugin-authorname\"><a href=\"https:\/\/www.human-rights-year.com\/de\/author\/s-delaunay\/\" class=\"vcard author\" rel=\"author\" itemprop=\"url\"><span class=\"fn\" itemprop=\"name\"> Serge Sharov-Delaunay<\/span><\/a><\/div><div class=\"saboxplugin-desc\"><div itemprop=\"description\"><p>Projekt des Wohlt\u00e4tigkeitsfonds f\u00fcr die Hilfe f\u00fcr Str\u00e4flinge und ihre Familien \u00bbRus sidyaschaya\u00ab<\/p>\n<\/div><\/div><div class=\"clearfix\"><\/div><div class=\"saboxplugin-socials sabox-colored\"><a target=\"_blank\" href=\"https:\/\/www.facebook.com\/serge.sharovdelaunay\" aria-label=\"Facebook\" rel=\"nofollow noopener\" class=\"saboxplugin-icon-color\"><svg version=\"1.1\" class=\"sab-facebook\" viewBox=\"0 0 500 500.7\" xml:space=\"preserve\" xmlns=\"http:\/\/www.w3.org\/2000\/svg\"><rect class=\"st0\" x=\"-.3\" y=\".3\" width=\"500\" height=\"500\" fill=\"#3b5998\"\/><polygon class=\"st1\" points=\"499.7 292.6 499.7 500.3 331.4 500.3 219.8 388.7 221.6 385.3 223.7 308.6 178.3 264.9 219.7 233.9 249.7 138.6 321.1 113.9\"\/><path class=\"st2\" d=\"M219.8,388.7V264.9h-41.5v-49.2h41.5V177c0-42.1,25.7-65,63.3-65c18,0,33.5,1.4,38,1.9v44H295  c-20.4,0-24.4,9.7-24.4,24v33.9h46.1l-6.3,49.2h-39.8v123.8\"\/><\/svg><\/span><\/a><\/div><\/div><\/div><\/div><\/div><div id=\"pgc-890-5-1\"  class=\"panel-grid-cell\" ><div id=\"panel-890-5-1-0\" class=\"so-panel widget widget_simple_author_box_widget_lite simple_author_box_widget_lite panel-first-child panel-last-child\" data-index=\"11\" ><div class=\"saboxplugin-wrap\" itemtype=\"http:\/\/schema.org\/Person\" itemscope itemprop=\"author\"><div class=\"saboxplugin-tab\"><div class=\"saboxplugin-gravatar\"><img src=\"https:\/\/www.human-rights-year.com\/wp-content\/uploads\/2019\/09\/o.romanova.jpg\" width=\"100\"  height=\"100\" alt=\"\" itemprop=\"image\"><\/div><div class=\"saboxplugin-authorname\"><a href=\"https:\/\/www.human-rights-year.com\/de\/author\/o-romanova\/\" class=\"vcard author\" rel=\"author\" itemprop=\"url\"><span class=\"fn\" itemprop=\"name\">Olga Romanova<\/span><\/a><\/div><div class=\"saboxplugin-desc\"><div itemprop=\"description\"><p>Projekt des Wohlt\u00e4tigkeitsfonds f\u00fcr die Hilfe f\u00fcr Str\u00e4flinge und ihre Familien \u00bbRus sidyaschaya\u00ab<\/p>\n<\/div><\/div><div class=\"clearfix\"><\/div><div class=\"saboxplugin-socials sabox-colored\"><a target=\"_blank\" href=\"https:\/\/www.facebook.com\/Ooo.Romanova\" aria-label=\"Facebook\" rel=\"nofollow noopener\" class=\"saboxplugin-icon-color\"><svg version=\"1.1\" class=\"sab-facebook\" viewBox=\"0 0 500 500.7\" xml:space=\"preserve\" xmlns=\"http:\/\/www.w3.org\/2000\/svg\"><rect class=\"st0\" x=\"-.3\" y=\".3\" width=\"500\" height=\"500\" fill=\"#3b5998\"\/><polygon class=\"st1\" points=\"499.7 292.6 499.7 500.3 331.4 500.3 219.8 388.7 221.6 385.3 223.7 308.6 178.3 264.9 219.7 233.9 249.7 138.6 321.1 113.9\"\/><path class=\"st2\" d=\"M219.8,388.7V264.9h-41.5v-49.2h41.5V177c0-42.1,25.7-65,63.3-65c18,0,33.5,1.4,38,1.9v44H295  c-20.4,0-24.4,9.7-24.4,24v33.9h46.1l-6.3,49.2h-39.8v123.8\"\/><\/svg><\/span><\/a><\/div><\/div><\/div><\/div><\/div><\/div><div id=\"pg-890-6\"  class=\"panel-grid panel-no-style\" ><div id=\"pgc-890-6-0\"  class=\"panel-grid-cell\" ><div id=\"panel-890-6-0-0\" class=\"so-panel widget widget_simple_author_box_widget_lite simple_author_box_widget_lite panel-first-child panel-last-child\" data-index=\"12\" ><div class=\"saboxplugin-wrap\" itemtype=\"http:\/\/schema.org\/Person\" itemscope itemprop=\"author\"><div class=\"saboxplugin-tab\"><div class=\"saboxplugin-gravatar\"><img src=\"https:\/\/www.human-rights-year.com\/wp-content\/uploads\/2019\/09\/i.scherbakova.jpg\" width=\"100\"  height=\"100\" alt=\"\" itemprop=\"image\"><\/div><div class=\"saboxplugin-authorname\"><a href=\"https:\/\/www.human-rights-year.com\/de\/author\/i-scherbakowa\/\" class=\"vcard author\" rel=\"author\" itemprop=\"url\"><span class=\"fn\" itemprop=\"name\"> Irina Scherbakowa<\/span><\/a><\/div><div class=\"saboxplugin-desc\"><div itemprop=\"description\"><p>Internationale Menschenrechtsgesellschaft \u00abMemorial\u00bb<\/p>\n<\/div><\/div><div class=\"clearfix\"><\/div><div class=\"saboxplugin-socials sabox-colored\"><a target=\"_blank\" href=\"https:\/\/www.facebook.com\/irasherb\" aria-label=\"Facebook\" rel=\"nofollow noopener\" class=\"saboxplugin-icon-color\"><svg version=\"1.1\" class=\"sab-facebook\" viewBox=\"0 0 500 500.7\" xml:space=\"preserve\" xmlns=\"http:\/\/www.w3.org\/2000\/svg\"><rect class=\"st0\" x=\"-.3\" y=\".3\" width=\"500\" height=\"500\" fill=\"#3b5998\"\/><polygon class=\"st1\" points=\"499.7 292.6 499.7 500.3 331.4 500.3 219.8 388.7 221.6 385.3 223.7 308.6 178.3 264.9 219.7 233.9 249.7 138.6 321.1 113.9\"\/><path class=\"st2\" d=\"M219.8,388.7V264.9h-41.5v-49.2h41.5V177c0-42.1,25.7-65,63.3-65c18,0,33.5,1.4,38,1.9v44H295  c-20.4,0-24.4,9.7-24.4,24v33.9h46.1l-6.3,49.2h-39.8v123.8\"\/><\/svg><\/span><\/a><\/div><\/div><\/div><\/div><\/div><div id=\"pgc-890-6-1\"  class=\"panel-grid-cell\" ><div id=\"panel-890-6-1-0\" class=\"so-panel widget widget_simple_author_box_widget_lite simple_author_box_widget_lite panel-first-child panel-last-child\" data-index=\"13\" ><div class=\"saboxplugin-wrap\" itemtype=\"http:\/\/schema.org\/Person\" itemscope itemprop=\"author\"><div class=\"saboxplugin-tab\"><div class=\"saboxplugin-gravatar\"><img src=\"https:\/\/www.human-rights-year.com\/wp-content\/uploads\/2019\/09\/a.cherkasov.jpg\" width=\"100\"  height=\"100\" alt=\"\" itemprop=\"image\"><\/div><div class=\"saboxplugin-authorname\"><a href=\"https:\/\/www.human-rights-year.com\/de\/author\/a-cherkasov\/\" class=\"vcard author\" rel=\"author\" itemprop=\"url\"><span class=\"fn\" itemprop=\"name\">Alexander Cherkasov<\/span><\/a><\/div><div class=\"saboxplugin-desc\"><div itemprop=\"description\"><p>Internationale Menschenrechtsgesellschaft \u00bbMemorial\u00ab<\/p>\n<\/div><\/div><div class=\"clearfix\"><\/div><div class=\"saboxplugin-socials sabox-colored\"><a target=\"_blank\" href=\"https:\/\/www.facebook.com\/cherkasov.alexander\" aria-label=\"Facebook\" rel=\"nofollow noopener\" class=\"saboxplugin-icon-color\"><svg version=\"1.1\" class=\"sab-facebook\" viewBox=\"0 0 500 500.7\" xml:space=\"preserve\" xmlns=\"http:\/\/www.w3.org\/2000\/svg\"><rect class=\"st0\" x=\"-.3\" y=\".3\" width=\"500\" height=\"500\" fill=\"#3b5998\"\/><polygon class=\"st1\" points=\"499.7 292.6 499.7 500.3 331.4 500.3 219.8 388.7 221.6 385.3 223.7 308.6 178.3 264.9 219.7 233.9 249.7 138.6 321.1 113.9\"\/><path class=\"st2\" d=\"M219.8,388.7V264.9h-41.5v-49.2h41.5V177c0-42.1,25.7-65,63.3-65c18,0,33.5,1.4,38,1.9v44H295  c-20.4,0-24.4,9.7-24.4,24v33.9h46.1l-6.3,49.2h-39.8v123.8\"\/><\/svg><\/span><\/a><\/div><\/div><\/div><\/div><\/div><\/div><div id=\"pg-890-7\"  class=\"panel-grid panel-no-style\" ><div id=\"pgc-890-7-0\"  class=\"panel-grid-cell\" ><div id=\"panel-890-7-0-0\" class=\"so-panel widget widget_simple_author_box_widget_lite simple_author_box_widget_lite panel-first-child panel-last-child\" data-index=\"14\" ><div class=\"saboxplugin-wrap\" itemtype=\"http:\/\/schema.org\/Person\" itemscope itemprop=\"author\"><div class=\"saboxplugin-tab\"><div class=\"saboxplugin-gravatar\"><img src=\"https:\/\/www.human-rights-year.com\/wp-content\/uploads\/2019\/09\/z.svetova.jpg\" width=\"100\"  height=\"100\" alt=\"\" itemprop=\"image\"><\/div><div class=\"saboxplugin-authorname\"><a href=\"https:\/\/www.human-rights-year.com\/de\/author\/z-svetova\/\" class=\"vcard author\" rel=\"author\" itemprop=\"url\"><span class=\"fn\" itemprop=\"name\">Zoia Svetova<\/span><\/a><\/div><div class=\"saboxplugin-desc\"><div itemprop=\"description\"><p>Journalistin bei MBH media, Menschenrechtlerin<\/p>\n<\/div><\/div><div class=\"clearfix\"><\/div><div class=\"saboxplugin-socials sabox-colored\"><a target=\"_blank\" href=\"https:\/\/www.facebook.com\/zoiasvetova\" aria-label=\"Facebook\" rel=\"nofollow noopener\" class=\"saboxplugin-icon-color\"><svg version=\"1.1\" class=\"sab-facebook\" viewBox=\"0 0 500 500.7\" xml:space=\"preserve\" xmlns=\"http:\/\/www.w3.org\/2000\/svg\"><rect class=\"st0\" x=\"-.3\" y=\".3\" width=\"500\" height=\"500\" fill=\"#3b5998\"\/><polygon class=\"st1\" points=\"499.7 292.6 499.7 500.3 331.4 500.3 219.8 388.7 221.6 385.3 223.7 308.6 178.3 264.9 219.7 233.9 249.7 138.6 321.1 113.9\"\/><path class=\"st2\" d=\"M219.8,388.7V264.9h-41.5v-49.2h41.5V177c0-42.1,25.7-65,63.3-65c18,0,33.5,1.4,38,1.9v44H295  c-20.4,0-24.4,9.7-24.4,24v33.9h46.1l-6.3,49.2h-39.8v123.8\"\/><\/svg><\/span><\/a><\/div><\/div><\/div><\/div><\/div><div id=\"pgc-890-7-1\"  class=\"panel-grid-cell\" ><div id=\"panel-890-7-1-0\" class=\"so-panel widget widget_simple_author_box_widget_lite simple_author_box_widget_lite panel-first-child panel-last-child\" data-index=\"15\" ><div class=\"saboxplugin-wrap\" itemtype=\"http:\/\/schema.org\/Person\" itemscope itemprop=\"author\"><div class=\"saboxplugin-tab\"><div class=\"saboxplugin-gravatar\"><img src=\"https:\/\/www.human-rights-year.com\/wp-content\/uploads\/2019\/09\/s.davidis.jpg\" width=\"100\"  height=\"100\" alt=\"\" itemprop=\"image\"><\/div><div class=\"saboxplugin-authorname\"><a href=\"https:\/\/www.human-rights-year.com\/de\/author\/s-davidis\/\" class=\"vcard author\" rel=\"author\" itemprop=\"url\"><span class=\"fn\" itemprop=\"name\">Sergei Davidis<\/span><\/a><\/div><div class=\"saboxplugin-desc\"><div itemprop=\"description\"><p>Vereinigte Demokratische Bewegung \u00bbSolidarnost\u00ab<\/p>\n<\/div><\/div><div class=\"clearfix\"><\/div><div class=\"saboxplugin-socials sabox-colored\"><a target=\"_blank\" href=\"https:\/\/www.facebook.com\/sergei.davidis\" aria-label=\"Facebook\" rel=\"nofollow noopener\" class=\"saboxplugin-icon-color\"><svg version=\"1.1\" class=\"sab-facebook\" viewBox=\"0 0 500 500.7\" xml:space=\"preserve\" xmlns=\"http:\/\/www.w3.org\/2000\/svg\"><rect class=\"st0\" x=\"-.3\" y=\".3\" width=\"500\" height=\"500\" fill=\"#3b5998\"\/><polygon class=\"st1\" points=\"499.7 292.6 499.7 500.3 331.4 500.3 219.8 388.7 221.6 385.3 223.7 308.6 178.3 264.9 219.7 233.9 249.7 138.6 321.1 113.9\"\/><path class=\"st2\" d=\"M219.8,388.7V264.9h-41.5v-49.2h41.5V177c0-42.1,25.7-65,63.3-65c18,0,33.5,1.4,38,1.9v44H295  c-20.4,0-24.4,9.7-24.4,24v33.9h46.1l-6.3,49.2h-39.8v123.8\"\/><\/svg><\/span><\/a><\/div><\/div><\/div><\/div><\/div><\/div><div id=\"pg-890-8\"  class=\"panel-grid panel-no-style\" ><div id=\"pgc-890-8-0\"  class=\"panel-grid-cell\" ><div id=\"panel-890-8-0-0\" class=\"so-panel widget widget_simple_author_box_widget_lite simple_author_box_widget_lite panel-first-child panel-last-child\" data-index=\"16\" ><div class=\"saboxplugin-wrap\" itemtype=\"http:\/\/schema.org\/Person\" itemscope itemprop=\"author\"><div class=\"saboxplugin-tab\"><div class=\"saboxplugin-gravatar\"><img src=\"https:\/\/www.human-rights-year.com\/wp-content\/uploads\/2019\/09\/i.kalyapin.jpg\" width=\"100\"  height=\"100\" alt=\"\" itemprop=\"image\"><\/div><div class=\"saboxplugin-authorname\"><a href=\"https:\/\/www.human-rights-year.com\/de\/author\/i-kalyapin\/\" class=\"vcard author\" rel=\"author\" itemprop=\"url\"><span class=\"fn\" itemprop=\"name\">Igor Kalyapin<\/span><\/a><\/div><div class=\"saboxplugin-desc\"><div itemprop=\"description\"><p>\u00bbKomitee gegen Folter\u00ab<\/p>\n<\/div><\/div><div class=\"clearfix\"><\/div><div class=\"saboxplugin-socials sabox-colored\"><a target=\"_blank\" href=\"https:\/\/www.facebook.com\/sparta13101967\" aria-label=\"Facebook\" rel=\"nofollow noopener\" class=\"saboxplugin-icon-color\"><svg version=\"1.1\" class=\"sab-facebook\" viewBox=\"0 0 500 500.7\" xml:space=\"preserve\" xmlns=\"http:\/\/www.w3.org\/2000\/svg\"><rect class=\"st0\" x=\"-.3\" y=\".3\" width=\"500\" height=\"500\" fill=\"#3b5998\"\/><polygon class=\"st1\" points=\"499.7 292.6 499.7 500.3 331.4 500.3 219.8 388.7 221.6 385.3 223.7 308.6 178.3 264.9 219.7 233.9 249.7 138.6 321.1 113.9\"\/><path class=\"st2\" d=\"M219.8,388.7V264.9h-41.5v-49.2h41.5V177c0-42.1,25.7-65,63.3-65c18,0,33.5,1.4,38,1.9v44H295  c-20.4,0-24.4,9.7-24.4,24v33.9h46.1l-6.3,49.2h-39.8v123.8\"\/><\/svg><\/span><\/a><\/div><\/div><\/div><\/div><\/div><div id=\"pgc-890-8-1\"  class=\"panel-grid-cell\" ><div id=\"panel-890-8-1-0\" class=\"so-panel widget widget_simple_author_box_widget_lite simple_author_box_widget_lite panel-first-child panel-last-child\" data-index=\"17\" ><div class=\"saboxplugin-wrap\" itemtype=\"http:\/\/schema.org\/Person\" itemscope itemprop=\"author\"><div class=\"saboxplugin-tab\"><div class=\"saboxplugin-gravatar\"><img src=\"https:\/\/www.human-rights-year.com\/wp-content\/uploads\/2019\/09\/m.feygin.jpg\" width=\"100\"  height=\"100\" alt=\"\" itemprop=\"image\"><\/div><div class=\"saboxplugin-authorname\"><a href=\"https:\/\/www.human-rights-year.com\/de\/author\/m-feygin\/\" class=\"vcard author\" rel=\"author\" itemprop=\"url\"><span class=\"fn\" itemprop=\"name\">Mark Feygin<\/span><\/a><\/div><div class=\"saboxplugin-desc\"><div itemprop=\"description\"><p>Menschenrechtler, Anwalt<\/p>\n<\/div><\/div><div class=\"clearfix\"><\/div><div class=\"saboxplugin-socials sabox-colored\"><a target=\"_blank\" href=\"https:\/\/www.facebook.com\/mark.feygin.z\" aria-label=\"Facebook\" rel=\"nofollow noopener\" class=\"saboxplugin-icon-color\"><svg version=\"1.1\" class=\"sab-facebook\" viewBox=\"0 0 500 500.7\" xml:space=\"preserve\" xmlns=\"http:\/\/www.w3.org\/2000\/svg\"><rect class=\"st0\" x=\"-.3\" y=\".3\" width=\"500\" height=\"500\" fill=\"#3b5998\"\/><polygon class=\"st1\" points=\"499.7 292.6 499.7 500.3 331.4 500.3 219.8 388.7 221.6 385.3 223.7 308.6 178.3 264.9 219.7 233.9 249.7 138.6 321.1 113.9\"\/><path class=\"st2\" d=\"M219.8,388.7V264.9h-41.5v-49.2h41.5V177c0-42.1,25.7-65,63.3-65c18,0,33.5,1.4,38,1.9v44H295  c-20.4,0-24.4,9.7-24.4,24v33.9h46.1l-6.3,49.2h-39.8v123.8\"\/><\/svg><\/span><\/a><\/div><\/div><\/div><\/div><\/div><\/div><div id=\"pg-890-9\"  class=\"panel-grid panel-no-style\" ><div id=\"pgc-890-9-0\"  class=\"panel-grid-cell\" ><div id=\"panel-890-9-0-0\" class=\"so-panel widget widget_simple_author_box_widget_lite simple_author_box_widget_lite panel-first-child panel-last-child\" data-index=\"18\" ><div class=\"saboxplugin-wrap\" itemtype=\"http:\/\/schema.org\/Person\" itemscope itemprop=\"author\"><div class=\"saboxplugin-tab\"><div class=\"saboxplugin-gravatar\"><img src=\"https:\/\/www.human-rights-year.com\/wp-content\/uploads\/2019\/09\/a.verkhovsky.jpg\" width=\"100\"  height=\"100\" alt=\"\" itemprop=\"image\"><\/div><div class=\"saboxplugin-authorname\"><a href=\"https:\/\/www.human-rights-year.com\/de\/author\/a-verkhovsky\/\" class=\"vcard author\" rel=\"author\" itemprop=\"url\"><span class=\"fn\" itemprop=\"name\">Alexander Verkhovsky<\/span><\/a><\/div><div class=\"saboxplugin-desc\"><div itemprop=\"description\"><p>SOVA-Zentrum f\u00fcr Information und Analyse<\/p>\n<\/div><\/div><div class=\"clearfix\"><\/div><div class=\"saboxplugin-socials sabox-colored\"><a target=\"_blank\" href=\"https:\/\/www.facebook.com\/alexander.verkhovsky\" aria-label=\"Facebook\" rel=\"nofollow noopener\" class=\"saboxplugin-icon-color\"><svg version=\"1.1\" class=\"sab-facebook\" viewBox=\"0 0 500 500.7\" xml:space=\"preserve\" xmlns=\"http:\/\/www.w3.org\/2000\/svg\"><rect class=\"st0\" x=\"-.3\" y=\".3\" width=\"500\" height=\"500\" fill=\"#3b5998\"\/><polygon class=\"st1\" points=\"499.7 292.6 499.7 500.3 331.4 500.3 219.8 388.7 221.6 385.3 223.7 308.6 178.3 264.9 219.7 233.9 249.7 138.6 321.1 113.9\"\/><path class=\"st2\" d=\"M219.8,388.7V264.9h-41.5v-49.2h41.5V177c0-42.1,25.7-65,63.3-65c18,0,33.5,1.4,38,1.9v44H295  c-20.4,0-24.4,9.7-24.4,24v33.9h46.1l-6.3,49.2h-39.8v123.8\"\/><\/svg><\/span><\/a><\/div><\/div><\/div><\/div><\/div><div id=\"pgc-890-9-1\"  class=\"panel-grid-cell\" ><div id=\"panel-890-9-1-0\" class=\"so-panel widget widget_simple_author_box_widget_lite simple_author_box_widget_lite panel-first-child panel-last-child\" data-index=\"19\" ><div class=\"saboxplugin-wrap\" itemtype=\"http:\/\/schema.org\/Person\" itemscope itemprop=\"author\"><div class=\"saboxplugin-tab\"><div class=\"saboxplugin-gravatar\"><img src=\"https:\/\/www.human-rights-year.com\/wp-content\/uploads\/2019\/10\/gnezdilova.jpg\" width=\"100\"  height=\"100\" alt=\"\" itemprop=\"image\"><\/div><div class=\"saboxplugin-authorname\"><a href=\"https:\/\/www.human-rights-year.com\/de\/author\/o-gnezdilova\/\" class=\"vcard author\" rel=\"author\" itemprop=\"url\"><span class=\"fn\" itemprop=\"name\">Olga Gnezdilova<\/span><\/a><\/div><div class=\"saboxplugin-desc\"><div itemprop=\"description\"><p>Projekt \u00abRechtliche Initiative\u00bb<\/p>\n<\/div><\/div><div class=\"clearfix\"><\/div><div class=\"saboxplugin-socials sabox-colored\"><a target=\"_blank\" href=\"https:\/\/www.facebook.com\/gnezdilova.org\" aria-label=\"Facebook\" rel=\"nofollow noopener\" class=\"saboxplugin-icon-color\"><svg version=\"1.1\" class=\"sab-facebook\" viewBox=\"0 0 500 500.7\" xml:space=\"preserve\" xmlns=\"http:\/\/www.w3.org\/2000\/svg\"><rect class=\"st0\" x=\"-.3\" y=\".3\" width=\"500\" height=\"500\" fill=\"#3b5998\"\/><polygon class=\"st1\" points=\"499.7 292.6 499.7 500.3 331.4 500.3 219.8 388.7 221.6 385.3 223.7 308.6 178.3 264.9 219.7 233.9 249.7 138.6 321.1 113.9\"\/><path class=\"st2\" d=\"M219.8,388.7V264.9h-41.5v-49.2h41.5V177c0-42.1,25.7-65,63.3-65c18,0,33.5,1.4,38,1.9v44H295  c-20.4,0-24.4,9.7-24.4,24v33.9h46.1l-6.3,49.2h-39.8v123.8\"\/><\/svg><\/span><\/a><\/div><\/div><\/div><\/div><\/div><\/div><div id=\"pg-890-10\"  class=\"panel-grid panel-no-style\" ><div id=\"pgc-890-10-0\"  class=\"panel-grid-cell\" ><div id=\"panel-890-10-0-0\" class=\"so-panel widget widget_simple_author_box_widget_lite simple_author_box_widget_lite panel-first-child panel-last-child\" data-index=\"20\" ><div class=\"saboxplugin-wrap\" itemtype=\"http:\/\/schema.org\/Person\" itemscope itemprop=\"author\"><div class=\"saboxplugin-tab\"><div class=\"saboxplugin-gravatar\"><img src=\"https:\/\/www.human-rights-year.com\/wp-content\/uploads\/2019\/10\/glu.jpg\" width=\"100\"  height=\"100\" alt=\"\" itemprop=\"image\"><\/div><div class=\"saboxplugin-authorname\"><a href=\"https:\/\/www.human-rights-year.com\/de\/author\/t-gluschakova\/\" class=\"vcard author\" rel=\"author\" itemprop=\"url\"><span class=\"fn\" itemprop=\"name\">Tatiana Glushkova<\/span><\/a><\/div><div class=\"saboxplugin-desc\"><div itemprop=\"description\"><p>Internationale Menschenrechtsgesellschaft \u00abMemorial\u00bb<\/p>\n<\/div><\/div><div class=\"clearfix\"><\/div><div class=\"saboxplugin-socials sabox-colored\"><a target=\"_blank\" href=\"https:\/\/www.facebook.com\/glush.tat\" aria-label=\"Facebook\" rel=\"nofollow noopener\" class=\"saboxplugin-icon-color\"><svg version=\"1.1\" class=\"sab-facebook\" viewBox=\"0 0 500 500.7\" xml:space=\"preserve\" xmlns=\"http:\/\/www.w3.org\/2000\/svg\"><rect class=\"st0\" x=\"-.3\" y=\".3\" width=\"500\" height=\"500\" fill=\"#3b5998\"\/><polygon class=\"st1\" points=\"499.7 292.6 499.7 500.3 331.4 500.3 219.8 388.7 221.6 385.3 223.7 308.6 178.3 264.9 219.7 233.9 249.7 138.6 321.1 113.9\"\/><path class=\"st2\" d=\"M219.8,388.7V264.9h-41.5v-49.2h41.5V177c0-42.1,25.7-65,63.3-65c18,0,33.5,1.4,38,1.9v44H295  c-20.4,0-24.4,9.7-24.4,24v33.9h46.1l-6.3,49.2h-39.8v123.8\"\/><\/svg><\/span><\/a><\/div><\/div><\/div><\/div><\/div><div id=\"pgc-890-10-1\"  class=\"panel-grid-cell\" ><div id=\"panel-890-10-1-0\" class=\"so-panel widget widget_simple_author_box_widget_lite simple_author_box_widget_lite panel-first-child panel-last-child\" data-index=\"21\" ><div class=\"saboxplugin-wrap\" itemtype=\"http:\/\/schema.org\/Person\" itemscope itemprop=\"author\"><div class=\"saboxplugin-tab\"><div class=\"saboxplugin-gravatar\"><img src=\"https:\/\/www.human-rights-year.com\/wp-content\/uploads\/2019\/10\/kut.jpg\" width=\"100\"  height=\"100\" alt=\"\" itemprop=\"image\"><\/div><div class=\"saboxplugin-authorname\"><a href=\"https:\/\/www.human-rights-year.com\/de\/author\/n-kutepova\/\" class=\"vcard author\" rel=\"author\" itemprop=\"url\"><span class=\"fn\" itemprop=\"name\">Nadezhda Kutepova<\/span><\/a><\/div><div class=\"saboxplugin-desc\"><div itemprop=\"description\"><p>\u00d6kologische Organisation \u00abPlanet der Hoffnungen\u00bb<\/p>\n<\/div><\/div><div class=\"clearfix\"><\/div><div class=\"saboxplugin-socials sabox-colored\"><a target=\"_blank\" href=\"https:\/\/www.facebook.com\/nadezhda.kutepova?__tn__=%2Cd*F*F-R&#038;eid=ARCo4FAcrTuVg61pITKjGBx3BeBcTKxh_Hoqo5QgMFmmpAlAtSCddb5mGTSsVycEZNFil0hyydB6e06p&#038;tn-str=*F\" aria-label=\"Facebook\" rel=\"nofollow noopener\" class=\"saboxplugin-icon-color\"><svg version=\"1.1\" class=\"sab-facebook\" viewBox=\"0 0 500 500.7\" xml:space=\"preserve\" xmlns=\"http:\/\/www.w3.org\/2000\/svg\"><rect class=\"st0\" x=\"-.3\" y=\".3\" width=\"500\" height=\"500\" fill=\"#3b5998\"\/><polygon class=\"st1\" points=\"499.7 292.6 499.7 500.3 331.4 500.3 219.8 388.7 221.6 385.3 223.7 308.6 178.3 264.9 219.7 233.9 249.7 138.6 321.1 113.9\"\/><path class=\"st2\" d=\"M219.8,388.7V264.9h-41.5v-49.2h41.5V177c0-42.1,25.7-65,63.3-65c18,0,33.5,1.4,38,1.9v44H295  c-20.4,0-24.4,9.7-24.4,24v33.9h46.1l-6.3,49.2h-39.8v123.8\"\/><\/svg><\/span><\/a><\/div><\/div><\/div><\/div><\/div><\/div><div id=\"pg-890-11\"  class=\"panel-grid panel-no-style\" ><div id=\"pgc-890-11-0\"  class=\"panel-grid-cell\" ><div id=\"panel-890-11-0-0\" class=\"so-panel widget widget_simple_author_box_widget_lite simple_author_box_widget_lite panel-first-child panel-last-child\" data-index=\"22\" ><div class=\"saboxplugin-wrap\" itemtype=\"http:\/\/schema.org\/Person\" itemscope itemprop=\"author\"><div class=\"saboxplugin-tab\"><div class=\"saboxplugin-gravatar\"><img src=\"https:\/\/www.human-rights-year.com\/wp-content\/uploads\/2019\/10\/jr.jpg\" width=\"100\"  height=\"100\" alt=\"\" itemprop=\"image\"><\/div><div class=\"saboxplugin-authorname\"><a href=\"https:\/\/www.human-rights-year.com\/de\/author\/j-rachinski\/\" class=\"vcard author\" rel=\"author\" itemprop=\"url\"><span class=\"fn\" itemprop=\"name\">Jan Ratschinskij<\/span><\/a><\/div><div class=\"saboxplugin-desc\"><div itemprop=\"description\"><p>Internationale Menschenrechtsgesellschaft \u00abMemorial\u00bb<\/p>\n<\/div><\/div><div class=\"clearfix\"><\/div><div class=\"saboxplugin-socials sabox-colored\"><a target=\"_blank\" href=\"https:\/\/www.facebook.com\/profile.php?id=100024890229113&#038;__tn__=%2CdC-R-R&#038;eid=ARC0UfpeXXDNaybHVQ74kKwX4kJ8R3sFHucvZhUKmVMIvSO7dMINKHZzhl8QcsxZUFM7u_mn-iAvL0Wc&#038;hc_ref=ART8pbX2lyl13HwAP8Q0QWcLnck3Iwv7KZDeDr3Qat6p9zqZXIXioYJVB27BuESJDQc&#038;fref=nf\" aria-label=\"Facebook\" rel=\"nofollow noopener\" class=\"saboxplugin-icon-color\"><svg version=\"1.1\" class=\"sab-facebook\" viewBox=\"0 0 500 500.7\" xml:space=\"preserve\" xmlns=\"http:\/\/www.w3.org\/2000\/svg\"><rect class=\"st0\" x=\"-.3\" y=\".3\" width=\"500\" height=\"500\" fill=\"#3b5998\"\/><polygon class=\"st1\" points=\"499.7 292.6 499.7 500.3 331.4 500.3 219.8 388.7 221.6 385.3 223.7 308.6 178.3 264.9 219.7 233.9 249.7 138.6 321.1 113.9\"\/><path class=\"st2\" d=\"M219.8,388.7V264.9h-41.5v-49.2h41.5V177c0-42.1,25.7-65,63.3-65c18,0,33.5,1.4,38,1.9v44H295  c-20.4,0-24.4,9.7-24.4,24v33.9h46.1l-6.3,49.2h-39.8v123.8\"\/><\/svg><\/span><\/a><\/div><\/div><\/div><\/div><\/div><div id=\"pgc-890-11-1\"  class=\"panel-grid-cell\" ><div id=\"panel-890-11-1-0\" class=\"so-panel widget widget_simple_author_box_widget_lite simple_author_box_widget_lite panel-first-child panel-last-child\" data-index=\"23\" ><div class=\"saboxplugin-wrap\" itemtype=\"http:\/\/schema.org\/Person\" itemscope itemprop=\"author\"><div class=\"saboxplugin-tab\"><div class=\"saboxplugin-gravatar\"><img src=\"https:\/\/www.human-rights-year.com\/wp-content\/uploads\/2019\/11\/jensportret.jpg\" width=\"100\"  height=\"100\" alt=\"\" itemprop=\"image\"><\/div><div class=\"saboxplugin-authorname\"><a href=\"https:\/\/www.human-rights-year.com\/de\/author\/j-siegert\/\" class=\"vcard author\" rel=\"author\" itemprop=\"url\"><span class=\"fn\" itemprop=\"name\">Jens Siegert<\/span><\/a><\/div><div class=\"saboxplugin-desc\"><div itemprop=\"description\"><p>Leiter des B\u00fcros der Heinrich-B\u00f6ll-Stiftung in Moskau bis 2015.<\/p>\n<\/div><\/div><div class=\"clearfix\"><\/div><div class=\"saboxplugin-socials sabox-colored\"><a target=\"_blank\" href=\"https:\/\/www.facebook.com\/jens.siegert?__tn__=%2Cd*F*F-R&#038;eid=ARBNrQqhgzkNmb5MwaMvbGpKdxAfIdnUcMhg01KpbHPwPjv7g1IYxuR2sAONgb2aTiZ5R_J749drsPhN&#038;tn-str=*F\" aria-label=\"Facebook\" rel=\"nofollow noopener\" class=\"saboxplugin-icon-color\"><svg version=\"1.1\" class=\"sab-facebook\" viewBox=\"0 0 500 500.7\" xml:space=\"preserve\" xmlns=\"http:\/\/www.w3.org\/2000\/svg\"><rect class=\"st0\" x=\"-.3\" y=\".3\" width=\"500\" height=\"500\" fill=\"#3b5998\"\/><polygon class=\"st1\" points=\"499.7 292.6 499.7 500.3 331.4 500.3 219.8 388.7 221.6 385.3 223.7 308.6 178.3 264.9 219.7 233.9 249.7 138.6 321.1 113.9\"\/><path class=\"st2\" d=\"M219.8,388.7V264.9h-41.5v-49.2h41.5V177c0-42.1,25.7-65,63.3-65c18,0,33.5,1.4,38,1.9v44H295  c-20.4,0-24.4,9.7-24.4,24v33.9h46.1l-6.3,49.2h-39.8v123.8\"\/><\/svg><\/span><\/a><\/div><\/div><\/div><\/div><\/div><\/div><\/div>","protected":false},"excerpt":{"rendered":"<p>Barbara LochbihlerAusschuss zur UN-Konvention gegen Verschwindenlassen Ronald WendlingPolitischer Gefangener in der DDR, B\u00fcrgerrechtler Anke GiesenVorstandsmitglied von MEMORIAL Deutschland e.V. Boris ReitschusterRussland-Experte und Publizist Markus MeckelDDR-B\u00fcrgerrechtler<\/p>\n","protected":false},"author":1,"featured_media":0,"parent":0,"menu_order":0,"comment_status":"closed","ping_status":"closed","template":"","meta":[],"yoast_head":"<!-- This site is optimized with the Yoast SEO plugin v19.4 - https:\/\/yoast.com\/wordpress\/plugins\/seo\/ -->\n<title>Autoren - Europ\u00e4ischer Menschenrechtsdialog<\/title>\n<meta name=\"robots\" content=\"index, follow, max-snippet:-1, max-image-preview:large, max-video-preview:-1\" \/>\n<link rel=\"canonical\" href=\"https:\/\/www.human-rights-year.com\/de\/autoren\/\" \/>\n<meta property=\"og:locale\" content=\"de_DE\" \/>\n<meta property=\"og:type\" content=\"article\" \/>\n<meta property=\"og:title\" content=\"Autoren - Europ\u00e4ischer Menschenrechtsdialog\" \/>\n<meta property=\"og:description\" content=\"Barbara LochbihlerAusschuss zur UN-Konvention gegen Verschwindenlassen Ronald WendlingPolitischer Gefangener in der DDR, B\u00fcrgerrechtler Anke GiesenVorstandsmitglied von MEMORIAL Deutschland e.V. Boris ReitschusterRussland-Experte und Publizist Markus MeckelDDR-B\u00fcrgerrechtler\" \/>\n<meta property=\"og:url\" content=\"https:\/\/www.human-rights-year.com\/de\/autoren\/\" \/>\n<meta property=\"og:site_name\" content=\"Europ\u00e4ischer Menschenrechtsdialog\" \/>\n<meta property=\"article:modified_time\" content=\"2019-11-12T13:35:11+00:00\" \/>\n<meta name=\"twitter:card\" content=\"summary_large_image\" \/>\n<meta name=\"twitter:label1\" content=\"Gesch\u00e4tzte Lesezeit\" \/>\n\t<meta name=\"twitter:data1\" content=\"1\u00a0Minute\" \/>\n<script type=\"application\/ld+json\" class=\"yoast-schema-graph\">{\"@context\":\"https:\/\/schema.org\",\"@graph\":[{\"@type\":\"WebSite\",\"@id\":\"https:\/\/www.human-rights-year.com\/#website\",\"url\":\"https:\/\/www.human-rights-year.com\/\",\"name\":\"\u0415\u0432\u0440\u043e\u043f\u0435\u0439\u0441\u043a\u0438\u0439 \u043f\u0440\u0430\u0432\u043e\u0437\u0430\u0449\u0438\u0442\u043d\u044b\u0439 \u0434\u0438\u0430\u043b\u043e\u0433\",\"description\":\" \",\"potentialAction\":[{\"@type\":\"SearchAction\",\"target\":{\"@type\":\"EntryPoint\",\"urlTemplate\":\"https:\/\/www.human-rights-year.com\/?s={search_term_string}\"},\"query-input\":\"required name=search_term_string\"}],\"inLanguage\":\"de\"},{\"@type\":\"WebPage\",\"@id\":\"https:\/\/www.human-rights-year.com\/de\/autoren\/\",\"url\":\"https:\/\/www.human-rights-year.com\/de\/autoren\/\",\"name\":\"Autoren - Europ\u00e4ischer Menschenrechtsdialog\",\"isPartOf\":{\"@id\":\"https:\/\/www.human-rights-year.com\/#website\"},\"datePublished\":\"2019-08-21T19:34:30+00:00\",\"dateModified\":\"2019-11-12T13:35:11+00:00\",\"breadcrumb\":{\"@id\":\"https:\/\/www.human-rights-year.com\/de\/autoren\/#breadcrumb\"},\"inLanguage\":\"de\",\"potentialAction\":[{\"@type\":\"ReadAction\",\"target\":[\"https:\/\/www.human-rights-year.com\/de\/autoren\/\"]}]},{\"@type\":\"BreadcrumbList\",\"@id\":\"https:\/\/www.human-rights-year.com\/de\/autoren\/#breadcrumb\",\"itemListElement\":[{\"@type\":\"ListItem\",\"position\":1,\"name\":\"\u0413\u043b\u0430\u0432\u043d\u0430\u044f \u0441\u0442\u0440\u0430\u043d\u0438\u0446\u0430\",\"item\":\"https:\/\/www.human-rights-year.com\/de\/\"},{\"@type\":\"ListItem\",\"position\":2,\"name\":\"Autoren\"}]}]}<\/script>\n<!-- \/ Yoast SEO plugin. -->","yoast_head_json":{"title":"Autoren - Europ\u00e4ischer Menschenrechtsdialog","robots":{"index":"index","follow":"follow","max-snippet":"max-snippet:-1","max-image-preview":"max-image-preview:large","max-video-preview":"max-video-preview:-1"},"canonical":"https:\/\/www.human-rights-year.com\/de\/autoren\/","og_locale":"de_DE","og_type":"article","og_title":"Autoren - Europ\u00e4ischer Menschenrechtsdialog","og_description":"Barbara LochbihlerAusschuss zur UN-Konvention gegen Verschwindenlassen Ronald WendlingPolitischer Gefangener in der DDR, B\u00fcrgerrechtler Anke GiesenVorstandsmitglied von MEMORIAL Deutschland e.V. Boris ReitschusterRussland-Experte und Publizist Markus MeckelDDR-B\u00fcrgerrechtler","og_url":"https:\/\/www.human-rights-year.com\/de\/autoren\/","og_site_name":"Europ\u00e4ischer Menschenrechtsdialog","article_modified_time":"2019-11-12T13:35:11+00:00","twitter_card":"summary_large_image","twitter_misc":{"Gesch\u00e4tzte Lesezeit":"1\u00a0Minute"},"schema":{"@context":"https:\/\/schema.org","@graph":[{"@type":"WebSite","@id":"https:\/\/www.human-rights-year.com\/#website","url":"https:\/\/www.human-rights-year.com\/","name":"\u0415\u0432\u0440\u043e\u043f\u0435\u0439\u0441\u043a\u0438\u0439 \u043f\u0440\u0430\u0432\u043e\u0437\u0430\u0449\u0438\u0442\u043d\u044b\u0439 \u0434\u0438\u0430\u043b\u043e\u0433","description":" ","potentialAction":[{"@type":"SearchAction","target":{"@type":"EntryPoint","urlTemplate":"https:\/\/www.human-rights-year.com\/?s={search_term_string}"},"query-input":"required name=search_term_string"}],"inLanguage":"de"},{"@type":"WebPage","@id":"https:\/\/www.human-rights-year.com\/de\/autoren\/","url":"https:\/\/www.human-rights-year.com\/de\/autoren\/","name":"Autoren - Europ\u00e4ischer Menschenrechtsdialog","isPartOf":{"@id":"https:\/\/www.human-rights-year.com\/#website"},"datePublished":"2019-08-21T19:34:30+00:00","dateModified":"2019-11-12T13:35:11+00:00","breadcrumb":{"@id":"https:\/\/www.human-rights-year.com\/de\/autoren\/#breadcrumb"},"inLanguage":"de","potentialAction":[{"@type":"ReadAction","target":["https:\/\/www.human-rights-year.com\/de\/autoren\/"]}]},{"@type":"BreadcrumbList","@id":"https:\/\/www.human-rights-year.com\/de\/autoren\/#breadcrumb","itemListElement":[{"@type":"ListItem","position":1,"name":"\u0413\u043b\u0430\u0432\u043d\u0430\u044f \u0441\u0442\u0440\u0430\u043d\u0438\u0446\u0430","item":"https:\/\/www.human-rights-year.com\/de\/"},{"@type":"ListItem","position":2,"name":"Autoren"}]}]}},"_links":{"self":[{"href":"https:\/\/www.human-rights-year.com\/de\/wp-json\/wp\/v2\/pages\/890"}],"collection":[{"href":"https:\/\/www.human-rights-year.com\/de\/wp-json\/wp\/v2\/pages"}],"about":[{"href":"https:\/\/www.human-rights-year.com\/de\/wp-json\/wp\/v2\/types\/page"}],"author":[{"embeddable":true,"href":"https:\/\/www.human-rights-year.com\/de\/wp-json\/wp\/v2\/users\/1"}],"replies":[{"embeddable":true,"href":"https:\/\/www.human-rights-year.com\/de\/wp-json\/wp\/v2\/comments?post=890"}],"version-history":[{"count":0,"href":"https:\/\/www.human-rights-year.com\/de\/wp-json\/wp\/v2\/pages\/890\/revisions"}],"wp:attachment":[{"href":"https:\/\/www.human-rights-year.com\/de\/wp-json\/wp\/v2\/media?parent=890"}],"curies":[{"name":"wp","href":"https:\/\/api.w.org\/{rel}","templated":true}]}}